{"id":2175,"date":"2024-03-02T13:55:41","date_gmt":"2024-03-02T18:55:41","guid":{"rendered":"https:\/\/agencialosviajesdecolon.com\/?page_id=2175"},"modified":"2025-03-15T09:05:12","modified_gmt":"2025-03-15T14:05:12","slug":"salidas-pedagogicas","status":"publish","type":"page","link":"https:\/\/agencialosviajesdecolon.com\/en\/salidas-pedagogicas\/","title":{"rendered":"Salidas Pedag\u00f3gicas"},"content":{"rendered":"<div data-elementor-type=\"wp-page\" data-elementor-id=\"2175\" class=\"elementor elementor-2175\" data-elementor-post-type=\"page\">\n\t\t\t\t<div class=\"elementor-element elementor-element-b51c7f6 e-flex e-con-boxed e-con e-parent\" data-id=\"b51c7f6\" data-element_type=\"container\" data-e-type=\"container\" data-settings=\"{&quot;background_background&quot;:&quot;classic&quot;}\">\n\t\t\t\t\t<div class=\"e-con-inner\">\n\t\t<div class=\"elementor-element elementor-element-724994e e-con-full e-flex e-con e-child\" data-id=\"724994e\" data-element_type=\"container\" data-e-type=\"container\">\n\t\t\t\t<div class=\"elementor-element elementor-element-ba5490f elementor-widget elementor-widget-heading\" data-id=\"ba5490f\" data-element_type=\"widget\" data-e-type=\"widget\" data-widget_type=\"heading.default\">\n\t\t\t\t<div class=\"elementor-widget-container\">\n\t\t\t\t\t<h2 class=\"elementor-heading-title elementor-size-default\">PLANES TURISTICOS\nSALIDAS PEDAG\u00d3GICAS<\/h2>\t\t\t\t<\/div>\n\t\t\t\t<\/div>\n\t\t\t\t<\/div>\n\t\t\t\t\t<\/div>\n\t\t\t\t<\/div>\n\t\t<div class=\"elementor-element elementor-element-c6cce38 e-flex e-con-boxed e-con e-parent\" data-id=\"c6cce38\" data-element_type=\"container\" data-e-type=\"container\" data-settings=\"{&quot;background_background&quot;:&quot;classic&quot;}\">\n\t\t\t\t\t<div class=\"e-con-inner\">\n\t\t\t\t<div class=\"elementor-element elementor-element-dfff254 elementor-widget elementor-widget-breadcrumbs\" data-id=\"dfff254\" data-element_type=\"widget\" data-e-type=\"widget\" data-widget_type=\"breadcrumbs.default\">\n\t\t\t\t<div class=\"elementor-widget-container\">\n\t\t\t\t\t<p id=\"breadcrumbs\"><span><span><a href=\"https:\/\/agencialosviajesdecolon.com\/en\/\">Inicio<\/a><\/span><\/span><\/p>\t\t\t\t<\/div>\n\t\t\t\t<\/div>\n\t\t\t\t\t<\/div>\n\t\t\t\t<\/div>\n\t\t<div class=\"elementor-element elementor-element-2e58f9a e-flex e-con-boxed e-con e-parent\" data-id=\"2e58f9a\" data-element_type=\"container\" data-e-type=\"container\" data-settings=\"{&quot;background_background&quot;:&quot;classic&quot;}\">\n\t\t\t\t\t<div class=\"e-con-inner\">\n\t\t<div class=\"elementor-element elementor-element-9a9fc32 e-con-full e-flex e-con e-child\" data-id=\"9a9fc32\" data-element_type=\"container\" data-e-type=\"container\">\n\t\t\t\t<div class=\"elementor-element elementor-element-d6a797c elementor-widget elementor-widget-heading\" data-id=\"d6a797c\" data-element_type=\"widget\" data-e-type=\"widget\" data-widget_type=\"heading.default\">\n\t\t\t\t<div class=\"elementor-widget-container\">\n\t\t\t\t\t<h4 class=\"elementor-heading-title elementor-size-default\">Salidas Pedag\u00f3gicas<\/h4>\t\t\t\t<\/div>\n\t\t\t\t<\/div>\n\t\t\t\t<div class=\"elementor-element elementor-element-f9af764 elementor-widget-divider--view-line elementor-widget elementor-widget-divider\" data-id=\"f9af764\" data-element_type=\"widget\" data-e-type=\"widget\" data-widget_type=\"divider.default\">\n\t\t\t\t<div class=\"elementor-widget-container\">\n\t\t\t\t\t\t\t<div class=\"elementor-divider\">\n\t\t\t<span class=\"elementor-divider-separator\">\n\t\t\t\t\t\t<\/span>\n\t\t<\/div>\n\t\t\t\t\t\t<\/div>\n\t\t\t\t<\/div>\n\t\t\t\t<div class=\"elementor-element elementor-element-dc2cb0c elementor-widget elementor-widget-text-editor\" data-id=\"dc2cb0c\" data-element_type=\"widget\" data-e-type=\"widget\" data-widget_type=\"text-editor.default\">\n\t\t\t\t<div class=\"elementor-widget-container\">\n\t\t\t\t\t\t\t\t\tLas Salidas Pedag\u00f3gicas promueven en los estudiantes la comprensi\u00f3n de su entorno natural, fundamentales en la construcci\u00f3n del conocimiento y en todas las variables que intervienen en el proceso ense\u00f1anza &#8211; aprendizaje. Hoy las clases convencionales con maestros de escritorio se consideran arcaicas e incompletas desconectadas de la realidad. Las clases de solo aulas no solo son suficientes para garantizar un buen aprendizaje. Adem\u00e1s, el encierro contribuye a la obesidad y a la disminuci\u00f3n de los sentidos y origina la dificultad para fijar la atenci\u00f3n. Salir de la rutina sedentaria estimula la creatividad del educando, desarrolla sus habilidades y activa su inteligencia. Igualmente permite al ni\u00f1o explorar con sus cinco sentidos el mundo que le rodea, aprendiendo de la propia realidad.\t\t\t\t\t\t\t\t<\/div>\n\t\t\t\t<\/div>\n\t\t\t\t<div class=\"elementor-element elementor-element-998893d elementor-widget elementor-widget-image\" data-id=\"998893d\" data-element_type=\"widget\" data-e-type=\"widget\" data-widget_type=\"image.default\">\n\t\t\t\t<div class=\"elementor-widget-container\">\n\t\t\t\t\t\t\t\t\t\t\t\t\t\t\t<img fetchpriority=\"high\" decoding=\"async\" width=\"800\" height=\"600\" src=\"https:\/\/agencialosviajesdecolon.com\/wp-content\/uploads\/2024\/03\/casa_aduana_salidas_pedagogicas_02.jpg\" class=\"attachment-full size-full wp-image-2576\" alt=\"\" srcset=\"https:\/\/agencialosviajesdecolon.com\/wp-content\/uploads\/2024\/03\/casa_aduana_salidas_pedagogicas_02.jpg 800w, https:\/\/agencialosviajesdecolon.com\/wp-content\/uploads\/2024\/03\/casa_aduana_salidas_pedagogicas_02-300x225.jpg 300w, https:\/\/agencialosviajesdecolon.com\/wp-content\/uploads\/2024\/03\/casa_aduana_salidas_pedagogicas_02-768x576.jpg 768w\" sizes=\"(max-width: 800px) 100vw, 800px\" \/>\t\t\t\t\t\t\t\t\t\t\t\t\t\t\t<\/div>\n\t\t\t\t<\/div>\n\t\t\t\t<div class=\"elementor-element elementor-element-5933275 elementor-widget elementor-widget-text-editor\" data-id=\"5933275\" data-element_type=\"widget\" data-e-type=\"widget\" data-widget_type=\"text-editor.default\">\n\t\t\t\t<div class=\"elementor-widget-container\">\n\t\t\t\t\t\t\t\t\t<p>Las Salidas Pedag\u00f3gicas contribuyen a formar estudiantes integrales, permiti\u00e9ndoles a estos sumergirse en el mudo real de la naturaleza, la historia, la ciencia y la cultura, originando conocimientos espont\u00e1neos y por contacto directo con el medio natural y cultural inmediato, conocimientos que el ni\u00f1o capitalizar\u00e1 en su crecimiento f\u00edsico-intelectual y en su desarrollo sociocultural.<\/p><p>La Ley General de la Educaci\u00f3n reconoce la importancia de las Salidas Pedag\u00f3gicas o Educaci\u00f3n en el Ambiente y las identifica en su Art\u00edculo 204 como parte del proceso educativo que se desarrolla en espacios pedag\u00f3gicos diferentes al entorno familiar y la escuela.<\/p>\t\t\t\t\t\t\t\t<\/div>\n\t\t\t\t<\/div>\n\t\t\t\t<\/div>\n\t\t<div class=\"elementor-element elementor-element-7653afc e-con-full e-flex e-con e-child\" data-id=\"7653afc\" data-element_type=\"container\" data-e-type=\"container\" data-settings=\"{&quot;background_background&quot;:&quot;classic&quot;}\">\n\t\t\t\t<div class=\"elementor-element elementor-element-f14ae38 elementor-widget elementor-widget-heading\" data-id=\"f14ae38\" data-element_type=\"widget\" data-e-type=\"widget\" data-widget_type=\"heading.default\">\n\t\t\t\t<div class=\"elementor-widget-container\">\n\t\t\t\t\t<h4 class=\"elementor-heading-title elementor-size-default\">Desde Santa Marta y Barranquilla<\/h4>\t\t\t\t<\/div>\n\t\t\t\t<\/div>\n\t\t\t\t<div class=\"elementor-element elementor-element-d24c4cf elementor-widget-divider--view-line elementor-widget elementor-widget-divider\" data-id=\"d24c4cf\" data-element_type=\"widget\" data-e-type=\"widget\" data-widget_type=\"divider.default\">\n\t\t\t\t<div class=\"elementor-widget-container\">\n\t\t\t\t\t\t\t<div class=\"elementor-divider\">\n\t\t\t<span class=\"elementor-divider-separator\">\n\t\t\t\t\t\t<\/span>\n\t\t<\/div>\n\t\t\t\t\t\t<\/div>\n\t\t\t\t<\/div>\n\t\t\t\t<div class=\"elementor-element elementor-element-427c987 elementor-widget elementor-widget-text-editor\" data-id=\"427c987\" data-element_type=\"widget\" data-e-type=\"widget\" data-widget_type=\"text-editor.default\">\n\t\t\t\t<div class=\"elementor-widget-container\">\n\t\t\t\t\t\t\t\t\t<p>Planes Tur\u00edsticos \/ Salidas Pedag\u00f3gicas<br \/>(PASAD\u00cdAS)<\/p>\t\t\t\t\t\t\t\t<\/div>\n\t\t\t\t<\/div>\n\t\t\t\t<div class=\"elementor-element elementor-element-3284daf elementor-widget elementor-widget-text-editor\" data-id=\"3284daf\" data-element_type=\"widget\" data-e-type=\"widget\" data-widget_type=\"text-editor.default\">\n\t\t\t\t<div class=\"elementor-widget-container\">\n\t\t\t\t\t\t\t\t\t<p>MINCA &#8211; PALOMINO &#8211; BAH\u00cdA CONCHA &#8211; CIUDAD PERDIDA &#8211; TERMALES DE CI\u00c9NAGA &#8211; ACUARIO \/ PLAYA BLANCA &#8211; TAGANGA \/ PLAYA GRANDE &#8211; TAYRONAKA \/ R\u00cdO DON DIEGO &#8211; QUEBRADA VALENCIA \/ BURITACA<\/p><ul><li>Parque Tairona: NEGUANJE \/ PLAYA CRISTAL<\/li><li>Ruta Macondo: CI\u00c9NAGA\/ZONA BANANERA\/ARACATACA<\/li><li>Ruta Palaf\u00edtica: CI\u00c9NAGA GRANDE \/ PUEBLOS PALAF\u00cdTICOS<\/li><li>Parque Tairona: CA\u00d1AVERAL \/ ARRECIFES \/ LA PISCINA \/ CABO S. JUAN<\/li><li>Parque Tairona: PUEBLITO\/CABO SAN JUAN\/LA PICINA\/ARRECIFES\/CA\u00d1AVERAL<\/li><\/ul><p>MOMPOX &#8211; LA GUAJIRA &#8211; CARTAGENA &#8211; VALLEDUPAR &#8211; BARRANQUILLA<\/p>\t\t\t\t\t\t\t\t<\/div>\n\t\t\t\t<\/div>\n\t\t\t\t<div class=\"elementor-element elementor-element-991598d elementor-widget-divider--view-line elementor-widget elementor-widget-divider\" data-id=\"991598d\" data-element_type=\"widget\" data-e-type=\"widget\" data-widget_type=\"divider.default\">\n\t\t\t\t<div class=\"elementor-widget-container\">\n\t\t\t\t\t\t\t<div class=\"elementor-divider\">\n\t\t\t<span class=\"elementor-divider-separator\">\n\t\t\t\t\t\t<\/span>\n\t\t<\/div>\n\t\t\t\t\t\t<\/div>\n\t\t\t\t<\/div>\n\t\t\t\t<div class=\"elementor-element elementor-element-e97b417 elementor-widget elementor-widget-text-editor\" data-id=\"e97b417\" data-element_type=\"widget\" data-e-type=\"widget\" data-widget_type=\"text-editor.default\">\n\t\t\t\t<div class=\"elementor-widget-container\">\n\t\t\t\t\t\t\t\t\t<p>Planes Tur\u00edsticos \/ Salidas Pedag\u00f3gicas<br \/>(2 Y 3 D\u00cdAS)<\/p>\t\t\t\t\t\t\t\t<\/div>\n\t\t\t\t<\/div>\n\t\t\t\t<div class=\"elementor-element elementor-element-54488af elementor-widget elementor-widget-text-editor\" data-id=\"54488af\" data-element_type=\"widget\" data-e-type=\"widget\" data-widget_type=\"text-editor.default\">\n\t\t\t\t<div class=\"elementor-widget-container\">\n\t\t\t\t\t\t\t\t\t<p>MOMPOX &#8211; CARTAGENA &#8211; CABO DE A VELA &#8211; CARTAGENA \/ ISLAS DE ROSARIO &#8211; TOL\u00da \/ COVE\u00d1A \/ ARCHPI\u00c9LAGO DE SAN BERNARDO<\/p><ul><li>Ruta Vallenata: VALLEDUPAR \/ PUEBLO BELLO \/ VALENCIA DE JES\u00daS \/ PATILLAL \/ LA JUNTA SAN JUAN \/ VILLANUEVA \/ URUMITA \/ MANAURE \/ LA PAZ\u2026<\/li><li>Ruta Sabanera: SAN JACINTO \/ SINCELEJO \/ MONTER\u00cdA \/ SAN PELAYO \/ SANTA CRUZ DE LORICA \/ SAN BERNARDO DEL VIENTO\u2026 (4 d\u00edas).<\/li><\/ul>\t\t\t\t\t\t\t\t<\/div>\n\t\t\t\t<\/div>\n\t\t\t\t<div class=\"elementor-element elementor-element-f4b12fb elementor-align-right elementor-widget elementor-widget-button\" data-id=\"f4b12fb\" data-element_type=\"widget\" data-e-type=\"widget\" data-widget_type=\"button.default\">\n\t\t\t\t<div class=\"elementor-widget-container\">\n\t\t\t\t\t\t\t\t\t<div class=\"elementor-button-wrapper\">\n\t\t\t\t\t<a class=\"elementor-button elementor-button-link elementor-size-sm\" href=\"https:\/\/wa.me\/573226650916\" target=\"_blank\">\n\t\t\t\t\t\t<span class=\"elementor-button-content-wrapper\">\n\t\t\t\t\t\t\t\t\t<span class=\"elementor-button-text\">Cotizar...<\/span>\n\t\t\t\t\t<\/span>\n\t\t\t\t\t<\/a>\n\t\t\t\t<\/div>\n\t\t\t\t\t\t\t\t<\/div>\n\t\t\t\t<\/div>\n\t\t\t\t<\/div>\n\t\t\t\t\t<\/div>\n\t\t\t\t<\/div>\n\t\t<div class=\"elementor-element elementor-element-307e455 e-flex e-con-boxed e-con e-parent\" data-id=\"307e455\" data-element_type=\"container\" data-e-type=\"container\" data-settings=\"{&quot;background_background&quot;:&quot;classic&quot;}\">\n\t\t\t\t\t<div class=\"e-con-inner\">\n\t\t<div class=\"elementor-element elementor-element-30abf14 e-con-full e-flex e-con e-child\" data-id=\"30abf14\" data-element_type=\"container\" data-e-type=\"container\">\n\t\t\t\t<div class=\"elementor-element elementor-element-71da9ae elementor-widget elementor-widget-heading\" data-id=\"71da9ae\" data-element_type=\"widget\" data-e-type=\"widget\" data-widget_type=\"heading.default\">\n\t\t\t\t<div class=\"elementor-widget-container\">\n\t\t\t\t\t<h2 class=\"elementor-heading-title elementor-size-default\">SALIDAS PEDAG\u00d3GICAS<\/h2>\t\t\t\t<\/div>\n\t\t\t\t<\/div>\n\t\t\t\t<div class=\"elementor-element elementor-element-cf37746 elementor-widget-divider--view-line elementor-widget elementor-widget-divider\" data-id=\"cf37746\" data-element_type=\"widget\" data-e-type=\"widget\" data-widget_type=\"divider.default\">\n\t\t\t\t<div class=\"elementor-widget-container\">\n\t\t\t\t\t\t\t<div class=\"elementor-divider\">\n\t\t\t<span class=\"elementor-divider-separator\">\n\t\t\t\t\t\t<\/span>\n\t\t<\/div>\n\t\t\t\t\t\t<\/div>\n\t\t\t\t<\/div>\n\t\t<div class=\"elementor-element elementor-element-b3cd5dc e-flex e-con-boxed e-con e-child\" data-id=\"b3cd5dc\" data-element_type=\"container\" data-e-type=\"container\">\n\t\t\t\t\t<div class=\"e-con-inner\">\n\t\t\t\t<div class=\"elementor-element elementor-element-e920d6d elementor-widget elementor-widget-heading\" data-id=\"e920d6d\" data-element_type=\"widget\" data-e-type=\"widget\" data-widget_type=\"heading.default\">\n\t\t\t\t<div class=\"elementor-widget-container\">\n\t\t\t\t\t<h4 class=\"elementor-heading-title elementor-size-default\">Santa Marta 500 A\u00f1os<\/h4>\t\t\t\t<\/div>\n\t\t\t\t<\/div>\n\t\t\t\t<div class=\"elementor-element elementor-element-d00ac18 elementor-widget-divider--view-line elementor-widget elementor-widget-divider\" data-id=\"d00ac18\" data-element_type=\"widget\" data-e-type=\"widget\" data-widget_type=\"divider.default\">\n\t\t\t\t<div class=\"elementor-widget-container\">\n\t\t\t\t\t\t\t<div class=\"elementor-divider\">\n\t\t\t<span class=\"elementor-divider-separator\">\n\t\t\t\t\t\t<\/span>\n\t\t<\/div>\n\t\t\t\t\t\t<\/div>\n\t\t\t\t<\/div>\n\t\t<div class=\"elementor-element elementor-element-0a773e6 e-flex e-con-boxed e-con e-child\" data-id=\"0a773e6\" data-element_type=\"container\" data-e-type=\"container\">\n\t\t\t\t\t<div class=\"e-con-inner\">\n\t\t<div class=\"elementor-element elementor-element-54d421d e-flex e-con-boxed e-con e-child\" data-id=\"54d421d\" data-element_type=\"container\" data-e-type=\"container\">\n\t\t\t\t\t<div class=\"e-con-inner\">\n\t\t\t\t<div class=\"elementor-element elementor-element-a179f58 elementor-widget elementor-widget-text-editor\" data-id=\"a179f58\" data-element_type=\"widget\" data-e-type=\"widget\" data-widget_type=\"text-editor.default\">\n\t\t\t\t<div class=\"elementor-widget-container\">\n\t\t\t\t\t\t\t\t\tHist\u00f3rica, Cultural y Tur\u00edstica\t\t\t\t\t\t\t\t<\/div>\n\t\t\t\t<\/div>\n\t\t\t\t<div class=\"elementor-element elementor-element-10c68fb elementor-widget elementor-widget-text-editor\" data-id=\"10c68fb\" data-element_type=\"widget\" data-e-type=\"widget\" data-widget_type=\"text-editor.default\">\n\t\t\t\t<div class=\"elementor-widget-container\">\n\t\t\t\t\t\t\t\t\t<p>Iglesia de Mamatoco, Quinta de San Pedo Alejandrino, Puerto y Bah\u00eda de Santa Marta, Museo Tairona (Casa de la Aduana), Parque de Bol\u00edvar, Palacio Consistorial (Alcald\u00eda), Iglesia y Plaza de San Francisco, Catedral, Callej\u00f3n del Correo, Claustro San Juan Nepomuseno, Parque de los Novios, Marina Internacional.<\/p>\t\t\t\t\t\t\t\t<\/div>\n\t\t\t\t<\/div>\n\t\t\t\t\t<\/div>\n\t\t\t\t<\/div>\n\t\t<div class=\"elementor-element elementor-element-93c7d4b e-flex e-con-boxed e-con e-child\" data-id=\"93c7d4b\" data-element_type=\"container\" data-e-type=\"container\">\n\t\t\t\t\t<div class=\"e-con-inner\">\n\t\t\t\t<div class=\"elementor-element elementor-element-1ca90af elementor-widget elementor-widget-text-editor\" data-id=\"1ca90af\" data-element_type=\"widget\" data-e-type=\"widget\" data-widget_type=\"text-editor.default\">\n\t\t\t\t<div class=\"elementor-widget-container\">\n\t\t\t\t\t\t\t\t\tParque Tairona\t\t\t\t\t\t\t\t<\/div>\n\t\t\t\t<\/div>\n\t\t\t\t<div class=\"elementor-element elementor-element-2e9ad2e elementor-widget elementor-widget-text-editor\" data-id=\"2e9ad2e\" data-element_type=\"widget\" data-e-type=\"widget\" data-widget_type=\"text-editor.default\">\n\t\t\t\t<div class=\"elementor-widget-container\">\n\t\t\t\t\t\t\t\t\t<p>Cinto \/ Bah\u00eda Concha \/ Neguanje \u2013 Playa Cristal<br \/>Ca\u00f1averal \u2013 Arrecifes \u2013 La Piscina \u2013 Cabo San Juan de Gu\u00eda.<br \/>Pueblito \u2013 Cabo San Juan de Gu\u00eda \u2013 La Piscina \u2013 Arrecifes \u2013 Ca\u00f1averal.<\/p>\t\t\t\t\t\t\t\t<\/div>\n\t\t\t\t<\/div>\n\t\t\t\t\t<\/div>\n\t\t\t\t<\/div>\n\t\t<div class=\"elementor-element elementor-element-77e8423 e-flex e-con-boxed e-con e-child\" data-id=\"77e8423\" data-element_type=\"container\" data-e-type=\"container\">\n\t\t\t\t\t<div class=\"e-con-inner\">\n\t\t\t\t<div class=\"elementor-element elementor-element-df2590e elementor-widget elementor-widget-text-editor\" data-id=\"df2590e\" data-element_type=\"widget\" data-e-type=\"widget\" data-widget_type=\"text-editor.default\">\n\t\t\t\t<div class=\"elementor-widget-container\">\n\t\t\t\t\t\t\t\t\tOtras\t\t\t\t\t\t\t\t<\/div>\n\t\t\t\t<\/div>\n\t\t\t\t<div class=\"elementor-element elementor-element-23437e6 elementor-widget elementor-widget-text-editor\" data-id=\"23437e6\" data-element_type=\"widget\" data-e-type=\"widget\" data-widget_type=\"text-editor.default\">\n\t\t\t\t<div class=\"elementor-widget-container\">\n\t\t\t\t\t\t\t\t\t<p>Minca \/ Taironaka \u2013 R\u00edo Don Diego (vestigios ancestrales)<br \/><strong>Ruta Palaf\u00edtica:<\/strong> Ci\u00e9naga Grande, R\u00edos, Avistamiento de Aves, Buenavista, Nueva Venecia.<br \/><strong>Ruta Macondo:<\/strong> Ci\u00e9naga (Pueblo Patrimonio), Zona Bananera, Aracataca.<br \/><strong>Ruta Patrimonial:<\/strong> Ciudad Perdida.<\/p>\t\t\t\t\t\t\t\t<\/div>\n\t\t\t\t<\/div>\n\t\t\t\t\t<\/div>\n\t\t\t\t<\/div>\n\t\t\t\t\t<\/div>\n\t\t\t\t<\/div>\n\t\t\t\t\t<\/div>\n\t\t\t\t<\/div>\n\t\t<div class=\"elementor-element elementor-element-b00cf11 e-flex e-con-boxed e-con e-child\" data-id=\"b00cf11\" data-element_type=\"container\" data-e-type=\"container\">\n\t\t\t\t\t<div class=\"e-con-inner\">\n\t\t\t\t<div class=\"elementor-element elementor-element-3335abf elementor-widget elementor-widget-heading\" data-id=\"3335abf\" data-element_type=\"widget\" data-e-type=\"widget\" data-widget_type=\"heading.default\">\n\t\t\t\t<div class=\"elementor-widget-container\">\n\t\t\t\t\t<h4 class=\"elementor-heading-title elementor-size-default\">Rutas de la Costa<\/h4>\t\t\t\t<\/div>\n\t\t\t\t<\/div>\n\t\t\t\t<div class=\"elementor-element elementor-element-13a2597 elementor-widget-divider--view-line elementor-widget elementor-widget-divider\" data-id=\"13a2597\" data-element_type=\"widget\" data-e-type=\"widget\" data-widget_type=\"divider.default\">\n\t\t\t\t<div class=\"elementor-widget-container\">\n\t\t\t\t\t\t\t<div class=\"elementor-divider\">\n\t\t\t<span class=\"elementor-divider-separator\">\n\t\t\t\t\t\t<\/span>\n\t\t<\/div>\n\t\t\t\t\t\t<\/div>\n\t\t\t\t<\/div>\n\t\t<div class=\"elementor-element elementor-element-f749d2e e-flex e-con-boxed e-con e-child\" data-id=\"f749d2e\" data-element_type=\"container\" data-e-type=\"container\">\n\t\t\t\t\t<div class=\"e-con-inner\">\n\t\t<div class=\"elementor-element elementor-element-d8573e3 e-flex e-con-boxed e-con e-child\" data-id=\"d8573e3\" data-element_type=\"container\" data-e-type=\"container\">\n\t\t\t\t\t<div class=\"e-con-inner\">\n\t\t\t\t<div class=\"elementor-element elementor-element-1cff2a6 elementor-widget elementor-widget-text-editor\" data-id=\"1cff2a6\" data-element_type=\"widget\" data-e-type=\"widget\" data-widget_type=\"text-editor.default\">\n\t\t\t\t<div class=\"elementor-widget-container\">\n\t\t\t\t\t\t\t\t\tRUTA ATL\u00c1NTICO (1 d\u00eda)\t\t\t\t\t\t\t\t<\/div>\n\t\t\t\t<\/div>\n\t\t\t\t<div class=\"elementor-element elementor-element-e58f244 elementor-widget elementor-widget-text-editor\" data-id=\"e58f244\" data-element_type=\"widget\" data-e-type=\"widget\" data-widget_type=\"text-editor.default\">\n\t\t\t\t<div class=\"elementor-widget-container\">\n\t\t\t\t\t\t\t\t\t<p><strong>PLAN A:<\/strong> Barranquilla: Zool\u00f3gico. Malec\u00f3n de R\u00edo, Monumento Ventana al Mudo, Aleta del Tibur\u00f3n\u2026<\/p><p><strong>PLAN B:<\/strong> Barranquilla: Planetario e Imag\u00e9nia. Malec\u00f3n de R\u00edo, Monumento Ventana al Mudo, Aleta del Tibur\u00f3n\u2026<\/p><p><strong>PLAN C:<\/strong> Barranquilla, Bioparque Megua. Malec\u00f3n del R\u00edo, Monumento Ventana al Mundo, Aleta del Tibur\u00f3n\u2026<\/p><p><strong>PLAN D:<\/strong> Barranquilla: Usiacur\u00ed, Puerto Colombia, Malec\u00f3n del R\u00edo, Monumentos: El Faro, Ventana al Mundo, Aleta del Tibur\u00f3n\u2026<\/p>\t\t\t\t\t\t\t\t<\/div>\n\t\t\t\t<\/div>\n\t\t\t\t\t<\/div>\n\t\t\t\t<\/div>\n\t\t<div class=\"elementor-element elementor-element-d5ad3c5 e-flex e-con-boxed e-con e-child\" data-id=\"d5ad3c5\" data-element_type=\"container\" data-e-type=\"container\">\n\t\t\t\t\t<div class=\"e-con-inner\">\n\t\t\t\t<div class=\"elementor-element elementor-element-404274e elementor-widget elementor-widget-text-editor\" data-id=\"404274e\" data-element_type=\"widget\" data-e-type=\"widget\" data-widget_type=\"text-editor.default\">\n\t\t\t\t<div class=\"elementor-widget-container\">\n\t\t\t\t\t\t\t\t\tRUTA BOLIVARENSE (1 d\u00eda)\t\t\t\t\t\t\t\t<\/div>\n\t\t\t\t<\/div>\n\t\t\t\t<div class=\"elementor-element elementor-element-38f7615 elementor-widget elementor-widget-text-editor\" data-id=\"38f7615\" data-element_type=\"widget\" data-e-type=\"widget\" data-widget_type=\"text-editor.default\">\n\t\t\t\t<div class=\"elementor-widget-container\">\n\t\t\t\t\t\t\t\t\t<p><strong>PLAN A:<\/strong> Cartagena: Castillo de San Felipe, Palacio de la Inquisici\u00f3n, Centro Amurallado. Tour Panor\u00e1mico por Bocagrande, Castillograde y El Laguito\u2026 Volc\u00e1n del Totumo.<\/p><p><strong>PLAN B:<\/strong> Cartagena: Jard\u00edn Bot\u00e1nico, Castillo de San Felipe, Centro Amurallado. Tour panor\u00e1mico por Bocagrande, Castillogrande y El Laguito\u2026 Volc\u00e1n del Totumo.<\/p><p><strong>PLAN C: <\/strong>SANTA CRUZ MOMPOX: Historia, Cultura, Arquitectura. Patrimonio Cultural de la Humanidad.<\/p>\t\t\t\t\t\t\t\t<\/div>\n\t\t\t\t<\/div>\n\t\t\t\t\t<\/div>\n\t\t\t\t<\/div>\n\t\t<div class=\"elementor-element elementor-element-bcd8e98 e-flex e-con-boxed e-con e-child\" data-id=\"bcd8e98\" data-element_type=\"container\" data-e-type=\"container\">\n\t\t\t\t\t<div class=\"e-con-inner\">\n\t\t\t\t<div class=\"elementor-element elementor-element-9f938e3 elementor-widget elementor-widget-text-editor\" data-id=\"9f938e3\" data-element_type=\"widget\" data-e-type=\"widget\" data-widget_type=\"text-editor.default\">\n\t\t\t\t<div class=\"elementor-widget-container\">\n\t\t\t\t\t\t\t\t\tRUTA GUAJIRA (1 d\u00eda)\t\t\t\t\t\t\t\t<\/div>\n\t\t\t\t<\/div>\n\t\t\t\t<div class=\"elementor-element elementor-element-3cbd0c3 elementor-widget elementor-widget-text-editor\" data-id=\"3cbd0c3\" data-element_type=\"widget\" data-e-type=\"widget\" data-widget_type=\"text-editor.default\">\n\t\t\t\t<div class=\"elementor-widget-container\">\n\t\t\t\t\t\t\t\t\t<p>Riohacha, Manaure, Uribia, Mina del Cerrej\u00f3n o Rancher\u00eda\u2026<\/p>\t\t\t\t\t\t\t\t<\/div>\n\t\t\t\t<\/div>\n\t\t\t\t\t<\/div>\n\t\t\t\t<\/div>\n\t\t\t\t\t<\/div>\n\t\t\t\t<\/div>\n\t\t\t\t\t<\/div>\n\t\t\t\t<\/div>\n\t\t\t\t<div class=\"elementor-element elementor-element-36392fb elementor-widget elementor-widget-text-editor\" data-id=\"36392fb\" data-element_type=\"widget\" data-e-type=\"widget\" data-widget_type=\"text-editor.default\">\n\t\t\t\t<div class=\"elementor-widget-container\">\n\t\t\t\t\t\t\t\t\t<strong>INCLUYEN:<\/strong> Transporte, entradas, almuerzo, refrigerios, seguro de viaje, gu\u00eda acompa\u00f1ante.\t\t\t\t\t\t\t\t<\/div>\n\t\t\t\t<\/div>\n\t\t\t\t<\/div>\n\t\t\t\t\t<\/div>\n\t\t\t\t<\/div>\n\t\t\t\t<\/div>","protected":false},"excerpt":{"rendered":"<p>PLANES TURISTICOS SALIDAS PEDAG\u00d3GICAS Salidas Pedag\u00f3gicas Las Salidas Pedag\u00f3gicas promueven en los estudiantes la comprensi\u00f3n de su entorno natural, fundamentales en la construcci\u00f3n del conocimiento y en todas las variables que intervienen en el proceso ense\u00f1anza &#8211; aprendizaje. Hoy las clases convencionales con maestros de escritorio se consideran arcaicas e incompletas desconectadas de la realidad. [&hellip;]<\/p>\n","protected":false},"author":1,"featured_media":0,"parent":0,"menu_order":0,"comment_status":"closed","ping_status":"closed","template":"elementor_header_footer","meta":{"_joinchat":[],"footnotes":""},"class_list":["post-2175","page","type-page","status-publish","hentry"],"yoast_head":"<!-- This site is optimized with the Yoast SEO plugin v28.3 - https:\/\/yoast.com\/product\/yoast-seo-wordpress\/ -->\n<title>Salidas Pedag\u00f3gicas - Los Viajes de Col\u00f3n<\/title>\n<meta name=\"robots\" content=\"index, follow, max-snippet:-1, max-image-preview:large, max-video-preview:-1\" \/>\n<link rel=\"canonical\" href=\"https:\/\/agencialosviajesdecolon.com\/en\/salidas-pedagogicas\/\" \/>\n<meta property=\"og:locale\" content=\"en_US\" \/>\n<meta property=\"og:type\" content=\"article\" \/>\n<meta property=\"og:title\" content=\"Salidas Pedag\u00f3gicas - Los Viajes de Col\u00f3n\" \/>\n<meta property=\"og:description\" content=\"PLANES TURISTICOS SALIDAS PEDAG\u00d3GICAS Salidas Pedag\u00f3gicas Las Salidas Pedag\u00f3gicas promueven en los estudiantes la comprensi\u00f3n de su entorno natural, fundamentales en la construcci\u00f3n del conocimiento y en todas las variables que intervienen en el proceso ense\u00f1anza &#8211; aprendizaje. Hoy las clases convencionales con maestros de escritorio se consideran arcaicas e incompletas desconectadas de la realidad. [&hellip;]\" \/>\n<meta property=\"og:url\" content=\"https:\/\/agencialosviajesdecolon.com\/en\/salidas-pedagogicas\/\" \/>\n<meta property=\"og:site_name\" content=\"Los Viajes de Col\u00f3n\" \/>\n<meta property=\"article:modified_time\" content=\"2025-03-15T14:05:12+00:00\" \/>\n<meta property=\"og:image\" content=\"https:\/\/agencialosviajesdecolon.com\/wp-content\/uploads\/2024\/03\/casa_aduana_salidas_pedagogicas_02.jpg\" \/>\n<meta name=\"twitter:card\" content=\"summary_large_image\" \/>\n<meta name=\"twitter:label1\" content=\"Est. reading time\" \/>\n\t<meta name=\"twitter:data1\" content=\"4 minutes\" \/>\n<script type=\"application\/ld+json\" class=\"yoast-schema-graph\">{\"@context\":\"https:\\\/\\\/schema.org\",\"@graph\":[{\"@type\":\"WebPage\",\"@id\":\"https:\\\/\\\/agencialosviajesdecolon.com\\\/salidas-pedagogicas\\\/\",\"url\":\"https:\\\/\\\/agencialosviajesdecolon.com\\\/salidas-pedagogicas\\\/\",\"name\":\"Salidas Pedag\u00f3gicas - Los Viajes de Col\u00f3n\",\"isPartOf\":{\"@id\":\"https:\\\/\\\/agencialosviajesdecolon.com\\\/#website\"},\"primaryImageOfPage\":{\"@id\":\"https:\\\/\\\/agencialosviajesdecolon.com\\\/salidas-pedagogicas\\\/#primaryimage\"},\"image\":{\"@id\":\"https:\\\/\\\/agencialosviajesdecolon.com\\\/salidas-pedagogicas\\\/#primaryimage\"},\"thumbnailUrl\":\"https:\\\/\\\/agencialosviajesdecolon.com\\\/wp-content\\\/uploads\\\/2024\\\/03\\\/casa_aduana_salidas_pedagogicas_02.jpg\",\"datePublished\":\"2024-03-02T18:55:41+00:00\",\"dateModified\":\"2025-03-15T14:05:12+00:00\",\"breadcrumb\":{\"@id\":\"https:\\\/\\\/agencialosviajesdecolon.com\\\/salidas-pedagogicas\\\/#breadcrumb\"},\"inLanguage\":\"en-US\",\"potentialAction\":[{\"@type\":\"ReadAction\",\"target\":[\"https:\\\/\\\/agencialosviajesdecolon.com\\\/salidas-pedagogicas\\\/\"]}]},{\"@type\":\"ImageObject\",\"inLanguage\":\"en-US\",\"@id\":\"https:\\\/\\\/agencialosviajesdecolon.com\\\/salidas-pedagogicas\\\/#primaryimage\",\"url\":\"https:\\\/\\\/agencialosviajesdecolon.com\\\/wp-content\\\/uploads\\\/2024\\\/03\\\/casa_aduana_salidas_pedagogicas_02.jpg\",\"contentUrl\":\"https:\\\/\\\/agencialosviajesdecolon.com\\\/wp-content\\\/uploads\\\/2024\\\/03\\\/casa_aduana_salidas_pedagogicas_02.jpg\"},{\"@type\":\"BreadcrumbList\",\"@id\":\"https:\\\/\\\/agencialosviajesdecolon.com\\\/salidas-pedagogicas\\\/#breadcrumb\",\"itemListElement\":[{\"@type\":\"ListItem\",\"position\":1,\"name\":\"Inicio\",\"item\":\"https:\\\/\\\/agencialosviajesdecolon.com\\\/\"},{\"@type\":\"ListItem\",\"position\":2,\"name\":\"Salidas Pedag\u00f3gicas\"}]},{\"@type\":\"WebSite\",\"@id\":\"https:\\\/\\\/agencialosviajesdecolon.com\\\/#website\",\"url\":\"https:\\\/\\\/agencialosviajesdecolon.com\\\/\",\"name\":\"Los Viajes de Col\u00f3n\",\"description\":\"Outdoor Sports Adventure Website\",\"publisher\":{\"@id\":\"https:\\\/\\\/agencialosviajesdecolon.com\\\/#organization\"},\"potentialAction\":[{\"@type\":\"SearchAction\",\"target\":{\"@type\":\"EntryPoint\",\"urlTemplate\":\"https:\\\/\\\/agencialosviajesdecolon.com\\\/?s={search_term_string}\"},\"query-input\":{\"@type\":\"PropertyValueSpecification\",\"valueRequired\":true,\"valueName\":\"search_term_string\"}}],\"inLanguage\":\"en-US\"},{\"@type\":\"Organization\",\"@id\":\"https:\\\/\\\/agencialosviajesdecolon.com\\\/#organization\",\"name\":\"Los Viajes de Col\u00f3n\",\"url\":\"https:\\\/\\\/agencialosviajesdecolon.com\\\/\",\"logo\":{\"@type\":\"ImageObject\",\"inLanguage\":\"en-US\",\"@id\":\"https:\\\/\\\/agencialosviajesdecolon.com\\\/#\\\/schema\\\/logo\\\/image\\\/\",\"url\":\"https:\\\/\\\/agencialosviajesdecolon.com\\\/wp-content\\\/uploads\\\/2024\\\/02\\\/logo_2024_cabecera.png\",\"contentUrl\":\"https:\\\/\\\/agencialosviajesdecolon.com\\\/wp-content\\\/uploads\\\/2024\\\/02\\\/logo_2024_cabecera.png\",\"width\":894,\"height\":340,\"caption\":\"Los Viajes de Col\u00f3n\"},\"image\":{\"@id\":\"https:\\\/\\\/agencialosviajesdecolon.com\\\/#\\\/schema\\\/logo\\\/image\\\/\"}}]}<\/script>\n<!-- \/ Yoast SEO plugin. -->","yoast_head_json":{"title":"Salidas Pedag\u00f3gicas - Los Viajes de Col\u00f3n","robots":{"index":"index","follow":"follow","max-snippet":"max-snippet:-1","max-image-preview":"max-image-preview:large","max-video-preview":"max-video-preview:-1"},"canonical":"https:\/\/agencialosviajesdecolon.com\/en\/salidas-pedagogicas\/","og_locale":"en_US","og_type":"article","og_title":"Salidas Pedag\u00f3gicas - Los Viajes de Col\u00f3n","og_description":"PLANES TURISTICOS SALIDAS PEDAG\u00d3GICAS Salidas Pedag\u00f3gicas Las Salidas Pedag\u00f3gicas promueven en los estudiantes la comprensi\u00f3n de su entorno natural, fundamentales en la construcci\u00f3n del conocimiento y en todas las variables que intervienen en el proceso ense\u00f1anza &#8211; aprendizaje. Hoy las clases convencionales con maestros de escritorio se consideran arcaicas e incompletas desconectadas de la realidad. [&hellip;]","og_url":"https:\/\/agencialosviajesdecolon.com\/en\/salidas-pedagogicas\/","og_site_name":"Los Viajes de Col\u00f3n","article_modified_time":"2025-03-15T14:05:12+00:00","og_image":[{"url":"https:\/\/agencialosviajesdecolon.com\/wp-content\/uploads\/2024\/03\/casa_aduana_salidas_pedagogicas_02.jpg","type":"","width":"","height":""}],"twitter_card":"summary_large_image","twitter_misc":{"Est. reading time":"4 minutes"},"schema":{"@context":"https:\/\/schema.org","@graph":[{"@type":"WebPage","@id":"https:\/\/agencialosviajesdecolon.com\/salidas-pedagogicas\/","url":"https:\/\/agencialosviajesdecolon.com\/salidas-pedagogicas\/","name":"Salidas Pedag\u00f3gicas - Los Viajes de Col\u00f3n","isPartOf":{"@id":"https:\/\/agencialosviajesdecolon.com\/#website"},"primaryImageOfPage":{"@id":"https:\/\/agencialosviajesdecolon.com\/salidas-pedagogicas\/#primaryimage"},"image":{"@id":"https:\/\/agencialosviajesdecolon.com\/salidas-pedagogicas\/#primaryimage"},"thumbnailUrl":"https:\/\/agencialosviajesdecolon.com\/wp-content\/uploads\/2024\/03\/casa_aduana_salidas_pedagogicas_02.jpg","datePublished":"2024-03-02T18:55:41+00:00","dateModified":"2025-03-15T14:05:12+00:00","breadcrumb":{"@id":"https:\/\/agencialosviajesdecolon.com\/salidas-pedagogicas\/#breadcrumb"},"inLanguage":"en-US","potentialAction":[{"@type":"ReadAction","target":["https:\/\/agencialosviajesdecolon.com\/salidas-pedagogicas\/"]}]},{"@type":"ImageObject","inLanguage":"en-US","@id":"https:\/\/agencialosviajesdecolon.com\/salidas-pedagogicas\/#primaryimage","url":"https:\/\/agencialosviajesdecolon.com\/wp-content\/uploads\/2024\/03\/casa_aduana_salidas_pedagogicas_02.jpg","contentUrl":"https:\/\/agencialosviajesdecolon.com\/wp-content\/uploads\/2024\/03\/casa_aduana_salidas_pedagogicas_02.jpg"},{"@type":"BreadcrumbList","@id":"https:\/\/agencialosviajesdecolon.com\/salidas-pedagogicas\/#breadcrumb","itemListElement":[{"@type":"ListItem","position":1,"name":"Inicio","item":"https:\/\/agencialosviajesdecolon.com\/"},{"@type":"ListItem","position":2,"name":"Salidas Pedag\u00f3gicas"}]},{"@type":"WebSite","@id":"https:\/\/agencialosviajesdecolon.com\/#website","url":"https:\/\/agencialosviajesdecolon.com\/","name":"Los Viajes de Col\u00f3n","description":"Outdoor Sports Adventure Website","publisher":{"@id":"https:\/\/agencialosviajesdecolon.com\/#organization"},"potentialAction":[{"@type":"SearchAction","target":{"@type":"EntryPoint","urlTemplate":"https:\/\/agencialosviajesdecolon.com\/?s={search_term_string}"},"query-input":{"@type":"PropertyValueSpecification","valueRequired":true,"valueName":"search_term_string"}}],"inLanguage":"en-US"},{"@type":"Organization","@id":"https:\/\/agencialosviajesdecolon.com\/#organization","name":"Los Viajes de Col\u00f3n","url":"https:\/\/agencialosviajesdecolon.com\/","logo":{"@type":"ImageObject","inLanguage":"en-US","@id":"https:\/\/agencialosviajesdecolon.com\/#\/schema\/logo\/image\/","url":"https:\/\/agencialosviajesdecolon.com\/wp-content\/uploads\/2024\/02\/logo_2024_cabecera.png","contentUrl":"https:\/\/agencialosviajesdecolon.com\/wp-content\/uploads\/2024\/02\/logo_2024_cabecera.png","width":894,"height":340,"caption":"Los Viajes de Col\u00f3n"},"image":{"@id":"https:\/\/agencialosviajesdecolon.com\/#\/schema\/logo\/image\/"}}]}},"_links":{"self":[{"href":"https:\/\/agencialosviajesdecolon.com\/en\/wp-json\/wp\/v2\/pages\/2175","targetHints":{"allow":["GET"]}}],"collection":[{"href":"https:\/\/agencialosviajesdecolon.com\/en\/wp-json\/wp\/v2\/pages"}],"about":[{"href":"https:\/\/agencialosviajesdecolon.com\/en\/wp-json\/wp\/v2\/types\/page"}],"author":[{"embeddable":true,"href":"https:\/\/agencialosviajesdecolon.com\/en\/wp-json\/wp\/v2\/users\/1"}],"replies":[{"embeddable":true,"href":"https:\/\/agencialosviajesdecolon.com\/en\/wp-json\/wp\/v2\/comments?post=2175"}],"version-history":[{"count":0,"href":"https:\/\/agencialosviajesdecolon.com\/en\/wp-json\/wp\/v2\/pages\/2175\/revisions"}],"wp:attachment":[{"href":"https:\/\/agencialosviajesdecolon.com\/en\/wp-json\/wp\/v2\/media?parent=2175"}],"curies":[{"name":"wp","href":"https:\/\/api.w.org\/{rel}","templated":true}]}}